{"id":5023,"date":"2025-06-02T19:50:03","date_gmt":"2025-06-02T17:50:03","guid":{"rendered":"https:\/\/japan-budo.com\/?post_type=product&#038;p=5023"},"modified":"2025-07-09T13:59:14","modified_gmt":"2025-07-09T11:59:14","slug":"nihonto-pour-le-budo-de-kanehiro-kaneyasu-nagasa-74-4cm-2-46-shaku-bizen-fukuoka-ichimonji","status":"publish","type":"product","link":"https:\/\/japan-budo.com\/fr\/nihonto-gendaito-shinken-iai-tameshigiri\/nihonto-pour-le-budo-de-kanehiro-kaneyasu-nagasa-74-4cm-2-46-shaku-bizen-fukuoka-ichimonji\/","title":{"rendered":"Nihonto pour Budo de Kanehiro (Kaneyasu) - Nagasa 74.4cm - 2.46 Shaku - Bizen Fukuoka Ichimonji style"},"content":{"rendered":"<p>Nihonto - Kanehiro (en cas de lecture diff\u00e9rente, \u00e9galement Kaneyasu)<\/p>\n<p>Katana Mei (signature) :<br \/>\nSite Omote : \u6b66\u58eb\u9053\u80a5\u5f8c\u56fd\u516b\u4ee3\u4f4f\u8d64\u677e\u592a\u90ce\u517c\u88d5\u4f5c (Une \u0153uvre d'Akamatsu Taro Kanehiro de Yatsushiro, province de Higo - dans l'esprit du Bushido)<br \/>\nC\u00f4t\u00e9 Ura :<br \/>\n\u4ee5\u81ea\u5bb6\u88fd\u9244\u935b\u4e4b (Forg\u00e9 avec de l'acier produit en interne)<br \/>\n\u4ee4\u548c\u5143\u5e74\u4e5d\u6708\u5409\u65e5 (Un jour de bon augure en septembre Reiwa 1 (2019))<\/p>\n<p>Informations sur le forgeron :<br \/>\nNom : Akamatsu Taro Kanehiro<br \/>\nNom civil : Kimura Kaoru<\/p>\n<p>Akamatsu Taro Kanehiro est n\u00e9 le 4 f\u00e9vrier 1961. Il est le fils et l'\u00e9l\u00e8ve de Kimura Kaneshige, un forgeron de sabres r\u00e9put\u00e9. Il forge dans la ville de Yatsushiro, pr\u00e9fecture de Kumamoto, \u00eele de Kyushu.<\/p>\n<p>La famille Akamatsu Taro fabrique des sabres \u00e0 Yatsushiro depuis dix g\u00e9n\u00e9rations et ils \u00e9taient les forgerons de la cour des Sagara-Daimyo. La famille est notamment connue pour produire son propre tamahagane \u00e0 partir de sable de rivi\u00e8re local pour la fabrication des lames, afin d'avoir un contr\u00f4le total sur le mat\u00e9riau et de forger selon ses propres sp\u00e9cificit\u00e9s.<\/p>\n<p>Kanehiro est particuli\u00e8rement connu pour ses reproductions de lames historiques. Cette m\u00e9thode de travail est tr\u00e8s respect\u00e9e car elle permet d'\u00e9tudier, de comprendre et d'appliquer des techniques de forgeage anciennes et rend g\u00e9n\u00e9ralement hommage \u00e0 la tradition s\u00e9culaire de la forge au Japon.<\/p>\n<p>Akamatsu Taro Kanehiro a re\u00e7u de nombreux prix pour ses travaux exceptionnels et est un forgeron respect\u00e9.<\/p>\n<p>Informations sur la lame :<br \/>\nNagasa (longueur de la lame) : 74,4 cm<br \/>\nSori (courbure de la lame) : 2.0 cm<br \/>\nMotohaba : 33,5 mm<br \/>\nMotokasane : 7.0 mm<br \/>\nSakihaba : 23,6 mm<br \/>\nSakikasane : 4,5 mm<br \/>\nPoids sans saya : 954 g<\/p>\n<p>La lame a \u00e9t\u00e9 forg\u00e9e en 2019.<\/p>\n<p>La lame est fabriqu\u00e9e dans le style de l'\u00e9cole Bizen Fukuoka Ichimonji en hommage \u00e0 l'art du forgeron de l'\u00e9poque de Kamakura. Elle est large \u00e0 la base et l'est encore \u00e0 la pointe, ce qui lui conf\u00e8re une forme tr\u00e8s puissante. De plus, elle est tr\u00e8s tranchante, ce qui fait la r\u00e9putation des lames Akamatsu Taro Kanehiro.<\/p>\n<p>La lame et la monture ont une excellente apparence. Nous sommes heureux de pouvoir proposer ce beau nihonto avec des mesures adapt\u00e9es aux dimensions europ\u00e9ennes \u00e0 un bon prix.<\/p>\n<p>Cette \u00e9p\u00e9e est actuellement encore au Japon. Nous nous chargeons de l'ensemble des d\u00e9marches (tous les frais y aff\u00e9rents sont d\u00e9j\u00e0 inclus dans le prix propos\u00e9).<\/p>","protected":false},"excerpt":{"rendered":"<p>Nihonto \u2013 Kanehiro (bei abweichende Leseart auch Kaneyasu) Katana Mei (Signatur): Omote-Seite: \u6b66\u58eb\u9053\u80a5\u5f8c\u56fd\u516b\u4ee3\u4f4f\u8d64\u677e\u592a\u90ce\u517c\u88d5\u4f5c (Ein Werk von Akamatsu Taro Kanehiro aus Yatsushiro, Provinz Higo \u2013 im Geist des Bushido) Ura-Seite: \u4ee5\u81ea\u5bb6\u88fd\u9244\u935b\u4e4b (Geschmiedet mit eigen hergestelltem Stahl) \u4ee4\u548c\u5143\u5e74\u4e5d\u6708\u5409\u65e5 (An einem gl\u00fcckverhei\u00dfenden Tag im September Reiwa 1 (2019)) Informationen \u00fcber den Schmied: Name: Akamatsu Taro Kanehiro B\u00fcrgerlicher Name: [&hellip;]<\/p>\n","protected":false},"featured_media":5024,"comment_status":"open","ping_status":"closed","template":"","meta":{"_acf_changed":false},"product_brand":[],"product_cat":[218],"product_tag":[],"class_list":{"0":"post-5023","1":"product","2":"type-product","3":"status-publish","4":"has-post-thumbnail","6":"product_cat-nihonto-gendaito-shinken-iai-tameshigiri","8":"first","9":"instock","10":"taxable","11":"shipping-taxable","12":"product-type-external"},"acf":[],"_links":{"self":[{"href":"https:\/\/japan-budo.com\/fr\/wp-json\/wp\/v2\/product\/5023","targetHints":{"allow":["GET"]}}],"collection":[{"href":"https:\/\/japan-budo.com\/fr\/wp-json\/wp\/v2\/product"}],"about":[{"href":"https:\/\/japan-budo.com\/fr\/wp-json\/wp\/v2\/types\/product"}],"replies":[{"embeddable":true,"href":"https:\/\/japan-budo.com\/fr\/wp-json\/wp\/v2\/comments?post=5023"}],"wp:featuredmedia":[{"embeddable":true,"href":"https:\/\/japan-budo.com\/fr\/wp-json\/wp\/v2\/media\/5024"}],"wp:attachment":[{"href":"https:\/\/japan-budo.com\/fr\/wp-json\/wp\/v2\/media?parent=5023"}],"wp:term":[{"taxonomy":"product_brand","embeddable":true,"href":"https:\/\/japan-budo.com\/fr\/wp-json\/wp\/v2\/product_brand?post=5023"},{"taxonomy":"product_cat","embeddable":true,"href":"https:\/\/japan-budo.com\/fr\/wp-json\/wp\/v2\/product_cat?post=5023"},{"taxonomy":"product_tag","embeddable":true,"href":"https:\/\/japan-budo.com\/fr\/wp-json\/wp\/v2\/product_tag?post=5023"}],"curies":[{"name":"wp","href":"https:\/\/api.w.org\/{rel}","templated":true}]}}